{"id":42191,"date":"2021-02-17T16:46:50","date_gmt":"2021-02-17T16:46:50","guid":{"rendered":"http:\/\/www.xn--tuksimaailm-ffb.ee\/shop\/velt-smart-scooter-x8-pro-sahkopotkulauta\/"},"modified":"2024-11-13T15:49:52","modified_gmt":"2024-11-13T12:49:52","slug":"velt-smart-scooter-x8-pro-sahkopotkulauta","status":"publish","type":"product","link":"https:\/\/www.xn--tuksimaailm-ffb.ee\/fi\/shop\/velt-smart-scooter-x8-pro-sahkopotkulauta\/","title":{"rendered":"Velt Smart Scooter Pro s\u00e4hk\u00f6potkulauta"},"content":{"rendered":"<h2 style=\"text-align: center;\">\u00a0VELT SMART SCOOTER PRO TUOTEKUVAUS<\/h2>\n<p>Velt Smart Scooter Pro (aiemmin tunnettu nimell\u00e4 X8 Pro) on mukava, kevyt, kompakti, tehokas ja kest\u00e4v\u00e4 s\u00e4hk\u00f6inen skootteri jokap\u00e4iv\u00e4iseen k\u00e4ytt\u00f6\u00f6n. Velt Smart -s\u00e4hk\u00f6skootteri on <strong>10\" leveiden ilmarenkaidensa<\/strong> ansiosta hintaluokkansa ylivoimaisesti mukavin, kevyin ja vakain skootteri. Korkean alustansa ja suurten renkaidensa ansiosta Velt Smart -skootterilla on mukava ajaa ep\u00e4tasaisilla ja kuoppaisilla teill\u00e4 sek\u00e4 ylitt\u00e4\u00e4 reunakivi\u00e4. Tehokas akku takaa tehokkaan etenemisen my\u00f6s yl\u00e4m\u00e4ess\u00e4. Lis\u00e4ksi Velt Smart Scooter -sarjan <strong>akku on nopeasti irrotettavissa<\/strong> - sen voi tarvittaessa ladata erikseen skootterin ulkopuolelta tai vaihtaa nopeasti toiseen ladattuun akkuun, jotta ajoa voi jatkaa. Niin paljon ja paljon muuta voidaan pakata yhteen kompaktiin, kokoontaitettavaan ja vain <strong>17kg<\/strong> painavaan s\u00e4hk\u00f6skootteriin.<\/p>\n<p><iframe title=\"Velt Smart Scooter electric scooter \/ elektrit\u00f5ukeratas\" width=\"1082\" height=\"609\" src=\"https:\/\/www.youtube.com\/embed\/yE2qvKnldXM?feature=oembed\" frameborder=\"0\" allow=\"accelerometer; autoplay; clipboard-write; encrypted-media; gyroscope; picture-in-picture; web-share\" allowfullscreen><\/iframe><\/p>\n<h2 style=\"text-align: center;\">TEKNINEN KUVAUS<\/h2>\n<p>Velt Smart Scooter Pro -s\u00e4hk\u00f6skootterissa on tukeva alumiinirunko ja kompakti ohjaustanko, jossa on mukavat kahvat. K\u00e4densijat ovat my\u00f6s irrotettavissa erityisen kompaktia s\u00e4ilytyst\u00e4 varten. Tehokas <strong>400W<\/strong>:n harjaton (BLDC) s\u00e4hk\u00f6moottori tarjoaa reippaan kiihtyvyyden ja saavuttaa nopeasti <strong>25km\/h<\/strong> huippunopeuden, vaikka kantaisit raskaampaa kuormaa. Yhdell\u00e4 latauksella voi ajaa noin <strong>45-55km<\/strong>, riippuen ajotyylist\u00e4 ja kuljettajan painosta. <strong>Kolmen s\u00e4hk\u00f6isen vaihteen lis\u00e4ksi s\u00e4hk\u00f6potkulautassa on my\u00f6s vakionopeudens\u00e4\u00e4din<\/strong>. Vaihteita on jalankulkijoiden avustamista, mahdollisimman taloudellista ajoa ja mahdollisimman nopeaa ajoa varten.<\/p>\n<p>Velt Smart Scooterissa on halkaisijaltaan <strong>120mm<\/strong>:n takaroottori, jossa on <strong>mekaaninen levyjarru<\/strong>, joka takaa nopean ja turvallisen pys\u00e4htymisen. S\u00e4hk\u00f6skootteri on varustettu <strong>48V\/9,6Ah<\/strong>, Li-ion-akulla, jonka t\u00e4yteen lataaminen kest\u00e4\u00e4 noin <strong>7-8h.<\/strong> Pime\u00e4n aikaan ja jotta s\u00e4hk\u00f6mopo n\u00e4kyisi paremmin muille kuljettajille, siin\u00e4 on sek\u00e4 <strong>etu- ett\u00e4 takavalot.<\/strong> Velt Smart Scooter Pron ohjaustangon keskell\u00e4 oleva LCD-n\u00e4ytt\u00f6 n\u00e4ytt\u00e4\u00e4 nopeuden, akun varauksen ja vaihteet. Voit kytke\u00e4 Velt Smart -s\u00e4hk\u00f6potkulaitteen p\u00e4\u00e4lle\/pois p\u00e4\u00e4lt\u00e4 pit\u00e4m\u00e4ll\u00e4 kaasun yl\u00e4osassa olevaa painiketta sopivassa asennossa.<\/p>\n<p>Kun s\u00e4hk\u00f6toiminen ovi on kytketty p\u00e4\u00e4lle, painiketta on painettava kahdesti, jotta valot syttyv\u00e4t ja sammuvat, ja kerran, jotta voidaan vaihtaa s\u00e4\u00e4st\u00f6- ja urheilutilan v\u00e4lill\u00e4. Suosittelemme, ett\u00e4 k\u00e4yt\u00e4t aina <a href=\"http:\/\/www.xn--tuksimaailm-ffb.ee\/shop\/elektritoukeratta-kiiver-lapsele-taiskasvanule\/\">kyp\u00e4r\u00e4\u00e4<\/a>, kun ajat s\u00e4hk\u00f6skootterilla. Alle 16-vuotiaiden kuljettajien on lain mukaan k\u00e4ytett\u00e4v\u00e4 kyp\u00e4r\u00e4\u00e4 s\u00e4hk\u00f6moottoripy\u00f6r\u00e4ll\u00e4 ajettaessa. Velt Smart Scooterista on my\u00f6s kaksi versiota, joissa on pienemm\u00e4t akut mutta samankaltaiset muut ominaisuudet: <a href=\"http:\/\/www.xn--tuksimaailm-ffb.ee\/shop\/elektriline-toukeratas-velt-smart-scooter-x7\/\">Velt Smart X7<\/a> ja <a href=\"http:\/\/www.xn--tuksimaailm-ffb.ee\/shop\/elektriline-toukeratas-velt-smart-scooter-x8\/\">Velt Smart Eco<\/a>.<\/p>\n<h2 style=\"text-align: center;\">Velt Smart Scooter Skooterimaailmassa<\/h2>\n<p><strong>Ostamalla s\u00e4hk\u00f6skootterin kaupastamme, saat:<\/strong><\/p>\n<ul>\n<li>Kun ostat s\u00e4hk\u00f6skootterin, saat<strong> kaikki\u00a0<a href=\"http:\/\/www.xn--tuksimaailm-ffb.ee\/tootekategooria\/lisavarustus\/\">lis\u00e4varusteet<\/a> -20%<\/strong><\/li>\n<\/ul>\n<p>Valikoima lis\u00e4varusteita Velt Smart Scooter Pro:lle:<\/p>\n<ul>\n<li><a href=\"http:\/\/www.xn--tuksimaailm-ffb.ee\/shop\/elektritoukeratta-telefonihoidja-ibera-43-58\/\">Puhelinpidikke<\/a><\/li>\n<li><a href=\"http:\/\/www.xn--tuksimaailm-ffb.ee\/shop\/velt-smart-scooter-x8-lisaaku-10ah-360wh\/\">Lis\u00e4akku<\/a><\/li>\n<li><a href=\"http:\/\/www.xn--tuksimaailm-ffb.ee\/shop\/velt-smart-scooter-originaal-laadija-x7-x8-pro\/\">Lis\u00e4laturi t\u00f6ihin \/ toimistoon<\/a><\/li>\n<li><a href=\"http:\/\/www.xn--tuksimaailm-ffb.ee\/shop\/kompaktne-lulilukk-abus-bordo-5700-must\/\">Eritt\u00e4in turvallinen kytkinlukko<\/a> - s\u00e4hk\u00f6k\u00e4ytt\u00f6inen ty\u00f6nt\u00f6py\u00f6r\u00e4 on lukittavissa takapy\u00f6r\u00e4n vanteen kautta<\/li>\n<li><a href=\"http:\/\/www.xn--tuksimaailm-ffb.ee\/shop\/elektriline-signaal-elektritoukerattale-jalgrattale\/\">S\u00e4hk\u00f6inen signaalikello<\/a><\/li>\n<\/ul>\n<p>Jos haluat kokeilla ennen ostamista varmistaaksesi, ett\u00e4 s\u00e4hk\u00f6skootteri nousee maasi vuorille tai kulkee ajotyylillesi sopivan matkan, voit my\u00f6s<strong>\u00a0<a href=\"http:\/\/www.xn--tuksimaailm-ffb.ee\/elektrilise-toukeratta-rent\/\">vuokrata<\/a>\u00a0<\/strong>sen meilt\u00e4 koeajoa varten - tunniksi, p\u00e4iv\u00e4ksi tai jopa koko viikoksi! Katso lis\u00e4\u00e4 s\u00e4hk\u00f6skoottereita\u00a0<a href=\"http:\/\/www.xn--tuksimaailm-ffb.ee\/tootekategooria\/elektritoukeratas\/\">t\u00e4\u00e4lt\u00e4<\/a>.<\/p>\n<p><strong style=\"box-sizing: inherit; margin: 0px; padding: 0px; border: 0px; font-variant-numeric: inherit; font-variant-east-asian: inherit; font-stretch: inherit; font-size: 17px; line-height: inherit;\">Velt Smart Scooter Pro -s\u00e4hk\u00f6potkulauta on Viron liikennelain mukainen katulupavalmisteinen kevytskootteri, jonka valmistajan teho on 400W ja valmistajan nopeus 25km\/h. HUOM: Jos k\u00e4ytt\u00e4j\u00e4 on itsen\u00e4isesti muuttanut s\u00e4hk\u00f6skootteria nopeammaksi tai tehokkaammaksi kuin edell\u00e4 mainitut parametrit, T\u00f5uksimaailm ei vastaa lain rikkomisesta aiheutuneista sakoista, s\u00e4hk\u00f6skootterin takavarikoimisesta poliisin toimesta tai mist\u00e4\u00e4n muustakaan rikkomisesta aiheutuneesta vahingosta.<\/strong><\/p>\n<table class=\"tg\" style=\"border-collapse: collapse; max-width: 600px; border-spacing: 0; margin: 0px auto;\">\n<tbody>\n<tr>\n<td style=\"background-color: #e4e1e1; color: #333333; font-family: inherit; font-size: 14px; font-weight: bold; overflow: hidden; padding: 5px 5px; text-align: center; vertical-align: top; word-break: normal; border: 1px solid;\" colspan=\"2\">Tekniset tiedot<\/td>\n<\/tr>\n<tr>\n<td style=\"background-color: #e4e1e1; color: #333333; font-family: inherit; font-size: 14px; font-weight: bold; overflow: hidden; padding: 5px 5px; text-align: right; vertical-align: top; word-break: normal; border: 1px solid;\">Tuottaja<\/td>\n<td style=\"font-family: inherit; font-size: 14px; overflow: hidden; padding: 5px 5px; text-align: center; vertical-align: top; word-break: normal; border: 1px solid;\">Velt Smart Scooter<\/td>\n<\/tr>\n<tr>\n<td style=\"background-color: #e4e1e1; color: #333333; font-family: inherit; font-size: 14px; font-weight: bold; overflow: hidden; padding: 5px 5px; text-align: right; vertical-align: top; word-break: normal; border: 1px solid;\">Malli<\/td>\n<td style=\"font-family: inherit; font-size: 14px; overflow: hidden; padding: 5px 5px; text-align: center; vertical-align: top; word-break: normal; border: 1px solid;\">Pro<\/td>\n<\/tr>\n<tr>\n<td style=\"background-color: #e4e1e1; color: #333333; font-family: inherit; font-size: 14px; font-weight: bold; overflow: hidden; padding: 5px 5px; text-align: right; vertical-align: top; word-break: normal; border: 1px solid;\">V\u00e4ri<\/td>\n<td style=\"font-family: inherit; font-size: 14px; overflow: hidden; padding: 5px 5px; text-align: center; vertical-align: top; word-break: normal; border: 1px solid;\">musta\/punainen, musta\/sininen<\/td>\n<\/tr>\n<tr>\n<td style=\"background-color: #e4e1e1; color: #333333; font-family: inherit; font-size: 14px; font-weight: bold; overflow: hidden; padding: 5px 5px; text-align: right; vertical-align: top; word-break: normal; border: 1px solid;\">Matka\/et\u00e4isyys, valmistajan erittely <br \/>Arvioitu matka\/et\u00e4isyys<\/td>\n<td style=\"font-family: inherit; font-size: 14px; overflow: hidden; padding: 5px 5px; text-align: center; vertical-align: top; word-break: normal; border: 1px solid;\">45-55 km<br \/>31km (25km\/h, 70kg kuljettaja, 15Wh\/km)<\/td>\n<\/tr>\n<tr>\n<td style=\"background-color: #e4e1e1; color: #333333; font-family: inherit; font-size: 14px; font-weight: bold; overflow: hidden; padding: 5px 5px; text-align: right; vertical-align: top; word-break: normal; border: 1px solid;\">Moottori teho<\/td>\n<td style=\"font-family: inherit; font-size: 14px; overflow: hidden; padding: 5px 5px; text-align: center; vertical-align: top; word-break: normal; border: 1px solid;\">400W<\/td>\n<\/tr>\n<tr>\n<td style=\"background-color: #e4e1e1; color: #333333; font-family: inherit; font-size: 14px; font-weight: bold; overflow: hidden; padding: 5px 5px; text-align: right; vertical-align: top; word-break: normal; border: 1px solid;\">Akku<\/td>\n<td style=\"font-family: inherit; font-size: 14px; overflow: hidden; padding: 5px 5px; text-align: center; vertical-align: top; word-break: normal; border: 1px solid;\">48V\/9,6Ah, Li-ion<\/td>\n<\/tr>\n<tr>\n<td style=\"background-color: #e4e1e1; color: #333333; font-family: inherit; font-size: 14px; font-weight: bold; overflow: hidden; padding: 5px 5px; text-align: right; vertical-align: top; word-break: normal; border: 1px solid;\">Akku kapasiteetti<\/td>\n<td style=\"font-family: inherit; font-size: 14px; overflow: hidden; padding: 5px 5px; text-align: center; vertical-align: top; word-break: normal; border: 1px solid;\">461Wh<\/td>\n<\/tr>\n<tr>\n<td style=\"background-color: #e4e1e1; color: #333333; font-family: inherit; font-size: 14px; font-weight: bold; overflow: hidden; padding: 5px 5px; text-align: right; vertical-align: top; word-break: normal; border: 1px solid;\">Laturi<\/td>\n<td style=\"font-family: inherit; font-size: 14px; overflow: hidden; padding: 5px 5px; text-align: center; vertical-align: top; word-break: normal; border: 1px solid;\">54.6V 2A<\/td>\n<\/tr>\n<tr>\n<td style=\"background-color: #e4e1e1; color: #333333; font-family: inherit; font-size: 14px; font-weight: bold; overflow: hidden; padding: 5px 5px; text-align: right; vertical-align: top; word-break: normal; border: 1px solid;\">Latausaika<\/td>\n<td style=\"font-family: inherit; font-size: 14px; overflow: hidden; padding: 5px 5px; text-align: center; vertical-align: top; word-break: normal; border: 1px solid;\">7-8 h<\/td>\n<\/tr>\n<tr>\n<td style=\"background-color: #e4e1e1; color: #333333; font-family: inherit; font-size: 14px; font-weight: bold; overflow: hidden; padding: 5px 5px; text-align: right; vertical-align: top; word-break: normal; border: 1px solid;\">Laturi mukaan<\/td>\n<td style=\"font-family: inherit; font-size: 14px; overflow: hidden; padding: 5px 5px; text-align: center; vertical-align: top; word-break: normal; border: 1px solid;\">kyll\u00e4<\/td>\n<\/tr>\n<tr>\n<td style=\"background-color: #e4e1e1; color: #333333; font-family: inherit; font-size: 14px; font-weight: bold; overflow: hidden; padding: 5px 5px; text-align: right; vertical-align: top; word-break: normal; border: 1px solid;\">Mahdollisuus vara-akun k\u00e4ytt\u00f6\u00f6n<\/td>\n<td style=\"font-family: inherit; font-size: 14px; overflow: hidden; padding: 5px 5px; text-align: center; vertical-align: top; word-break: normal; border: 1px solid;\">kyll\u00e4<\/td>\n<\/tr>\n<tr>\n<td style=\"background-color: #e4e1e1; color: #333333; font-family: inherit; font-size: 14px; font-weight: bold; overflow: hidden; padding: 5px 5px; text-align: right; vertical-align: top; word-break: normal; border: 1px solid;\">Akun irrotusvaihtoehto<\/td>\n<td style=\"font-family: inherit; font-size: 14px; overflow: hidden; padding: 5px 5px; text-align: center; vertical-align: top; word-break: normal; border: 1px solid;\">kyll\u00e4<\/td>\n<\/tr>\n<tr>\n<td style=\"background-color: #e4e1e1; color: #333333; font-family: inherit; font-size: 14px; font-weight: bold; overflow: hidden; padding: 5px 5px; text-align: right; vertical-align: top; word-break: normal; border: 1px solid;\">Tuottaja m\u00e4\u00e4rittely nopeus<\/td>\n<td style=\"font-family: inherit; font-size: 14px; overflow: hidden; padding: 5px 5px; text-align: center; vertical-align: top; word-break: normal; border: 1px solid;\">25 km\/h<\/td>\n<\/tr>\n<tr>\n<td style=\"background-color: #e4e1e1; color: #333333; font-family: inherit; font-size: 14px; font-weight: bold; overflow: hidden; padding: 5px 5px; text-align: right; vertical-align: top; word-break: normal; border: 1px solid;\">Nopeusgradiendit<\/td>\n<td style=\"font-family: inherit; font-size: 14px; overflow: hidden; padding: 5px 5px; text-align: center; vertical-align: top; word-break: normal; border: 1px solid;\">3<\/td>\n<\/tr>\n<tr>\n<td style=\"background-color: #e4e1e1; color: #333333; font-family: inherit; font-size: 14px; font-weight: bold; overflow: hidden; padding: 5px 5px; text-align: right; vertical-align: top; word-break: normal; border: 1px solid;\">Pysyv\u00e4 nopeudenrajoitin<\/td>\n<td style=\"font-family: inherit; font-size: 14px; overflow: hidden; padding: 5px 5px; text-align: center; vertical-align: top; word-break: normal; border: 1px solid;\">kyll\u00e4<\/td>\n<\/tr>\n<tr>\n<td style=\"background-color: #e4e1e1; color: #333333; font-family: inherit; font-size: 14px; font-weight: bold; overflow: hidden; padding: 5px 5px; text-align: right; vertical-align: top; word-break: normal; border: 1px solid;\">Etuvalot<\/td>\n<td style=\"font-family: inherit; font-size: 14px; overflow: hidden; padding: 5px 5px; text-align: center; vertical-align: top; word-break: normal; border: 1px solid;\">LED<\/td>\n<\/tr>\n<tr>\n<td style=\"background-color: #e4e1e1; color: #333333; font-family: inherit; font-size: 14px; font-weight: bold; overflow: hidden; padding: 5px 5px; text-align: right; vertical-align: top; word-break: normal; border: 1px solid;\">Takavalot<\/td>\n<td style=\"font-family: inherit; font-size: 14px; overflow: hidden; padding: 5px 5px; text-align: center; vertical-align: top; word-break: normal; border: 1px solid;\">LED<\/td>\n<\/tr>\n<tr>\n<td style=\"background-color: #e4e1e1; color: #333333; font-family: inherit; font-size: 14px; font-weight: bold; overflow: hidden; padding: 5px 5px; text-align: right; vertical-align: top; word-break: normal; border: 1px solid;\">Takajarru<\/td>\n<td style=\"font-family: inherit; font-size: 14px; overflow: hidden; padding: 5px 5px; text-align: center; vertical-align: top; word-break: normal; border: 1px solid;\">mekkaaninen levyjarru<\/td>\n<\/tr>\n<tr>\n<td style=\"background-color: #e4e1e1; color: #333333; font-family: inherit; font-size: 14px; font-weight: bold; overflow: hidden; padding: 5px 5px; text-align: right; vertical-align: top; word-break: normal; border: 1px solid;\">Renkaan koko<\/td>\n<td style=\"font-family: inherit; font-size: 14px; overflow: hidden; padding: 5px 5px; text-align: center; vertical-align: top; word-break: normal; border: 1px solid;\">10\u00d72.125\u2033<\/td>\n<\/tr>\n<tr>\n<td style=\"background-color: #e4e1e1; color: #333333; font-family: inherit; font-size: 14px; font-weight: bold; overflow: hidden; padding: 5px 5px; text-align: right; vertical-align: top; word-break: normal; border: 1px solid;\">Rengastyypi<\/td>\n<td style=\"font-family: inherit; font-size: 14px; overflow: hidden; padding: 5px 5px; text-align: center; vertical-align: top; word-break: normal; border: 1px solid;\">sis\u00e4isell\u00e4 ilmarenalla<\/td>\n<\/tr>\n<tr>\n<td style=\"background-color: #e4e1e1; color: #333333; font-family: inherit; font-size: 14px; font-weight: bold; overflow: hidden; padding: 5px 5px; text-align: right; vertical-align: top; word-break: normal; border: 1px solid;\">Mottorisoitu rengas<\/td>\n<td style=\"font-family: inherit; font-size: 14px; overflow: hidden; padding: 5px 5px; text-align: center; vertical-align: top; word-break: normal; border: 1px solid;\">etupy\u00f6r\u00e4<\/td>\n<\/tr>\n<tr>\n<td style=\"background-color: #e4e1e1; color: #333333; font-family: inherit; font-size: 14px; font-weight: bold; overflow: hidden; padding: 5px 5px; text-align: right; vertical-align: top; word-break: normal; border: 1px solid;\">Pohjan korkeus maanpinnasta<\/td>\n<td style=\"font-family: inherit; font-size: 14px; overflow: hidden; padding: 5px 5px; text-align: center; vertical-align: top; word-break: normal; border: 1px solid;\">120 mm<\/td>\n<\/tr>\n<tr>\n<td style=\"background-color: #e4e1e1; color: #333333; font-family: inherit; font-size: 14px; font-weight: bold; overflow: hidden; padding: 5px 5px; text-align: right; vertical-align: top; word-break: normal; border: 1px solid;\">Tien enim\u00e4iskaltevuus<\/td>\n<td style=\"font-family: inherit; font-size: 14px; overflow: hidden; padding: 5px 5px; text-align: center; vertical-align: top; word-break: normal; border: 1px solid;\">15 %<\/td>\n<\/tr>\n<tr>\n<td style=\"background-color: #e4e1e1; color: #333333; font-family: inherit; font-size: 14px; font-weight: bold; overflow: hidden; padding: 5px 5px; text-align: right; vertical-align: top; word-break: normal; border: 1px solid;\">Painorajoitus<\/td>\n<td style=\"font-family: inherit; font-size: 14px; overflow: hidden; padding: 5px 5px; text-align: center; vertical-align: top; word-break: normal; border: 1px solid;\">120 kg<\/td>\n<\/tr>\n<tr>\n<td style=\"background-color: #e4e1e1; color: #333333; font-family: inherit; font-size: 14px; font-weight: bold; overflow: hidden; padding: 5px 5px; text-align: right; vertical-align: top; word-break: normal; border: 1px solid;\">Paino<\/td>\n<td style=\"font-family: inherit; font-size: 14px; overflow: hidden; padding: 5px 5px; text-align: center; vertical-align: top; word-break: normal; border: 1px solid;\">17kg<\/td>\n<\/tr>\n<\/tbody>\n<\/table>\n","protected":false},"excerpt":{"rendered":"<p><a href=\"http:\/\/www.xn--tuksimaailm-ffb.ee\/kontakt\/\"><strong>L\u00f6ysitk\u00f6 paremman hinnan? Kirjoita meille, niin teemme sinulle paremman tarjouksen!<\/strong><\/a><\/p>\n<p><strong>Kaikki\u00a0<a href=\"http:\/\/www.xn--tuksimaailm-ffb.ee\/tootekategooria\/lisavarustus\/\">lis\u00e4varusteet<\/a>\u00a0ja\u00a0<a href=\"https:\/\/www.xn\u2014tuksimaailm-ffb.ee\/tootekategooria\/elektritoukeratta-varuosad\/\">varaosat<\/a> ovat\u00a0-20%, kun ne ostetaan s\u00e4hk\u00f6skootterin kanssa. Alennus otetaan automaattisesti k\u00e4ytt\u00f6\u00f6n, kun lis\u00e4\u00e4t sen ostoskoriin!<\/strong><\/p>\n<p><em><strong>Toimitusaika: 1-5tp<\/p>\n<p><\/strong><\/em><\/p>\n","protected":false},"featured_media":23255,"template":"","meta":[],"product_brand":[],"product_cat":[926],"product_tag":[],"filter_elektritoukeratas":[],"class_list":{"0":"post-42191","1":"product","2":"type-product","3":"status-publish","4":"has-post-thumbnail","6":"product_cat-sahkopotkulaudat-fi","7":"pa_aku-mahutavus-wh-461-fi","8":"pa_colour-punainen","9":"pa_colour-sininen","10":"pa_kaal-kg-17-fi","11":"pa_kandevoime-kg-120-fi","12":"pa_labisoit-arvutuslik-km-31-fi","13":"pa_mootorite-arv-uhe-mootoriga-fi","14":"pa_muuja-platvormil-touksimaailm-exocool-ou-fi","15":"pa_piiramata-tippkiirus-kmh-25-fi","16":"pa_tootetuup-elektritoukeratas-fi","17":"pa_valmistaja-velt-fi","18":"pa_voimsus-w-400-fi","20":"first","21":"outofstock","22":"taxable","23":"shipping-taxable","24":"purchasable","25":"product-type-variable"},"yoast_head":"<!-- This site is optimized with the Yoast SEO Premium plugin v26.8 (Yoast SEO v27.3) - https:\/\/yoast.com\/product\/yoast-seo-premium-wordpress\/ -->\n<title>Velt Smart Scooter Pro s\u00e4hk\u00f6potkulauta &#8212; T\u00f5uksimaailm<\/title>\n<meta name=\"description\" content=\"Velt Smart Scooter Pro elektrit\u00f5ukeratas on 10&quot; \u00f5hkrehvidega on kompaktne ja v\u00f5imekas elektriline t\u00f5ukeratas igap\u00e4evaseks kasutamiseks.\" \/>\n<meta name=\"robots\" content=\"index, follow, max-snippet:-1, max-image-preview:large, max-video-preview:-1\" \/>\n<link rel=\"canonical\" href=\"https:\/\/www.xn--tuksimaailm-ffb.ee\/fi\/shop\/velt-smart-scooter-x8-pro-sahkopotkulauta\/\" \/>\n<meta property=\"og:locale\" content=\"fi_FI\" \/>\n<meta property=\"og:type\" content=\"article\" \/>\n<meta property=\"og:title\" content=\"Velt Smart Scooter Pro s\u00e4hk\u00f6potkulauta\" \/>\n<meta property=\"og:description\" content=\"Velt Smart Scooter Pro elektrit\u00f5ukeratas on 10&quot; \u00f5hkrehvidega on kompaktne ja v\u00f5imekas elektriline t\u00f5ukeratas igap\u00e4evaseks kasutamiseks.\" \/>\n<meta property=\"og:url\" content=\"https:\/\/www.xn--tuksimaailm-ffb.ee\/fi\/shop\/velt-smart-scooter-x8-pro-sahkopotkulauta\/\" \/>\n<meta property=\"og:site_name\" content=\"T\u00f5uksimaailm\" \/>\n<meta property=\"article:publisher\" content=\"https:\/\/www.facebook.com\/touksimaailm\/\" \/>\n<meta property=\"article:modified_time\" content=\"2024-11-13T12:49:52+00:00\" \/>\n<meta property=\"og:image\" content=\"https:\/\/www.xn--tuksimaailm-ffb.ee\/wp-content\/uploads\/2020\/06\/X8-must-sinine.jpg\" \/>\n\t<meta property=\"og:image:width\" content=\"1877\" \/>\n\t<meta property=\"og:image:height\" content=\"2021\" \/>\n\t<meta property=\"og:image:type\" content=\"image\/jpeg\" \/>\n<meta name=\"twitter:card\" content=\"summary_large_image\" \/>\n<meta name=\"twitter:label1\" content=\"Saatavuus\" \/>\n\t<meta name=\"twitter:data1\" content=\"Loppu varastosta\" \/>\n<meta property=\"og:availability\" content=\"out of stock\" \/>\n<meta property=\"product:availability\" content=\"out of stock\" \/>\n<meta property=\"product:retailer_item_id\" content=\"Velt_X8_Pro\" \/>\n<meta property=\"product:condition\" content=\"new\" \/>\n<!-- \/ Yoast SEO Premium plugin. -->","yoast_head_json":{"title":"Velt Smart Scooter Pro s\u00e4hk\u00f6potkulauta &#8212; T\u00f5uksimaailm","description":"Velt Smart Scooter Pro elektrit\u00f5ukeratas on 10\" \u00f5hkrehvidega on kompaktne ja v\u00f5imekas elektriline t\u00f5ukeratas igap\u00e4evaseks kasutamiseks.","robots":{"index":"index","follow":"follow","max-snippet":"max-snippet:-1","max-image-preview":"max-image-preview:large","max-video-preview":"max-video-preview:-1"},"canonical":"https:\/\/www.xn--tuksimaailm-ffb.ee\/fi\/shop\/velt-smart-scooter-x8-pro-sahkopotkulauta\/","og_locale":"fi_FI","og_type":"article","og_title":"Velt Smart Scooter Pro s\u00e4hk\u00f6potkulauta","og_description":"Velt Smart Scooter Pro elektrit\u00f5ukeratas on 10\" \u00f5hkrehvidega on kompaktne ja v\u00f5imekas elektriline t\u00f5ukeratas igap\u00e4evaseks kasutamiseks.","og_url":"https:\/\/www.xn--tuksimaailm-ffb.ee\/fi\/shop\/velt-smart-scooter-x8-pro-sahkopotkulauta\/","og_site_name":"T\u00f5uksimaailm","article_publisher":"https:\/\/www.facebook.com\/touksimaailm\/","article_modified_time":"2024-11-13T12:49:52+00:00","og_image":[{"width":1877,"height":2021,"url":"https:\/\/www.xn--tuksimaailm-ffb.ee\/wp-content\/uploads\/2020\/06\/X8-must-sinine.jpg","type":"image\/jpeg"}],"twitter_card":"summary_large_image","twitter_misc":{"Saatavuus":"Loppu varastosta"},"schema":{"@context":"https:\/\/schema.org","@graph":[{"@type":"WebPage","@id":"https:\/\/www.xn--tuksimaailm-ffb.ee\/fi\/shop\/velt-smart-scooter-x8-pro-sahkopotkulauta\/","url":"https:\/\/www.xn--tuksimaailm-ffb.ee\/fi\/shop\/velt-smart-scooter-x8-pro-sahkopotkulauta\/","name":"Velt Smart Scooter Pro s\u00e4hk\u00f6potkulauta &#8212; T\u00f5uksimaailm","isPartOf":{"@id":"https:\/\/www.xn--tuksimaailm-ffb.ee\/fi\/#website"},"primaryImageOfPage":{"@id":"https:\/\/www.xn--tuksimaailm-ffb.ee\/fi\/shop\/velt-smart-scooter-x8-pro-sahkopotkulauta\/#primaryimage"},"image":{"@id":"https:\/\/www.xn--tuksimaailm-ffb.ee\/fi\/shop\/velt-smart-scooter-x8-pro-sahkopotkulauta\/#primaryimage"},"thumbnailUrl":"https:\/\/www.xn--tuksimaailm-ffb.ee\/wp-content\/uploads\/2020\/06\/X8-must-sinine.jpg","datePublished":"2021-02-17T16:46:50+00:00","dateModified":"2024-11-13T12:49:52+00:00","description":"Velt Smart Scooter Pro elektrit\u00f5ukeratas on 10\" \u00f5hkrehvidega on kompaktne ja v\u00f5imekas elektriline t\u00f5ukeratas igap\u00e4evaseks kasutamiseks.","breadcrumb":{"@id":"https:\/\/www.xn--tuksimaailm-ffb.ee\/fi\/shop\/velt-smart-scooter-x8-pro-sahkopotkulauta\/#breadcrumb"},"inLanguage":"fi","potentialAction":[{"@type":"ReadAction","target":["https:\/\/www.xn--tuksimaailm-ffb.ee\/fi\/shop\/velt-smart-scooter-x8-pro-sahkopotkulauta\/"]}]},{"@type":"ImageObject","inLanguage":"fi","@id":"https:\/\/www.xn--tuksimaailm-ffb.ee\/fi\/shop\/velt-smart-scooter-x8-pro-sahkopotkulauta\/#primaryimage","url":"https:\/\/www.xn--tuksimaailm-ffb.ee\/wp-content\/uploads\/2020\/06\/X8-must-sinine.jpg","contentUrl":"https:\/\/www.xn--tuksimaailm-ffb.ee\/wp-content\/uploads\/2020\/06\/X8-must-sinine.jpg","width":1877,"height":2021,"caption":"velt smart scooter pro x8 elektrit\u00f5ukeratas elektriline t\u00f5ukeratas 1"},{"@type":"BreadcrumbList","@id":"https:\/\/www.xn--tuksimaailm-ffb.ee\/fi\/shop\/velt-smart-scooter-x8-pro-sahkopotkulauta\/#breadcrumb","itemListElement":[{"@type":"ListItem","position":1,"name":"Home","item":"https:\/\/www.xn--tuksimaailm-ffb.ee\/fi\/kotisivu\/"},{"@type":"ListItem","position":2,"name":"Kauppa","item":"https:\/\/www.xn--tuksimaailm-ffb.ee\/elektritoukerataste-pood\/"},{"@type":"ListItem","position":3,"name":"Velt Smart Scooter Pro s\u00e4hk\u00f6potkulauta"}]},{"@type":"WebSite","@id":"https:\/\/www.xn--tuksimaailm-ffb.ee\/fi\/#website","url":"https:\/\/www.xn--tuksimaailm-ffb.ee\/fi\/","name":"T\u00f5uksimaailm","description":"Elektrit\u00f5ukerataste m\u00fc\u00fck, remont ja rent","publisher":{"@id":"https:\/\/www.xn--tuksimaailm-ffb.ee\/fi\/#organization"},"potentialAction":[{"@type":"SearchAction","target":{"@type":"EntryPoint","urlTemplate":"https:\/\/www.xn--tuksimaailm-ffb.ee\/fi\/?s={search_term_string}"},"query-input":{"@type":"PropertyValueSpecification","valueRequired":true,"valueName":"search_term_string"}}],"inLanguage":"fi"},{"@type":"Organization","@id":"https:\/\/www.xn--tuksimaailm-ffb.ee\/fi\/#organization","name":"T\u00f5uksimaailm","url":"https:\/\/www.xn--tuksimaailm-ffb.ee\/fi\/","logo":{"@type":"ImageObject","inLanguage":"fi","@id":"https:\/\/www.xn--tuksimaailm-ffb.ee\/fi\/#\/schema\/logo\/image\/","url":"https:\/\/www.xn--tuksimaailm-ffb.ee\/wp-content\/uploads\/2020\/01\/logoz-e1579792875517.png","contentUrl":"https:\/\/www.xn--tuksimaailm-ffb.ee\/wp-content\/uploads\/2020\/01\/logoz-e1579792875517.png","width":250,"height":250,"caption":"T\u00f5uksimaailm"},"image":{"@id":"https:\/\/www.xn--tuksimaailm-ffb.ee\/fi\/#\/schema\/logo\/image\/"},"sameAs":["https:\/\/www.facebook.com\/touksimaailm\/","https:\/\/www.instagram.com\/touksimaailm_\/","https:\/\/www.youtube.com\/channel\/UC18ml0EKIDLP1xGuQjFzcXQ"]}]},"og_availability":"out of stock","product_availability":"out of stock","product_retailer_item_id":"Velt_X8_Pro","product_condition":"new"},"jetpack_sharing_enabled":true,"_links":{"self":[{"href":"https:\/\/www.xn--tuksimaailm-ffb.ee\/fi\/wp-json\/wp\/v2\/product\/42191","targetHints":{"allow":["GET"]}}],"collection":[{"href":"https:\/\/www.xn--tuksimaailm-ffb.ee\/fi\/wp-json\/wp\/v2\/product"}],"about":[{"href":"https:\/\/www.xn--tuksimaailm-ffb.ee\/fi\/wp-json\/wp\/v2\/types\/product"}],"wp:featuredmedia":[{"embeddable":true,"href":"https:\/\/www.xn--tuksimaailm-ffb.ee\/fi\/wp-json\/wp\/v2\/media\/23255"}],"wp:attachment":[{"href":"https:\/\/www.xn--tuksimaailm-ffb.ee\/fi\/wp-json\/wp\/v2\/media?parent=42191"}],"wp:term":[{"taxonomy":"product_brand","embeddable":true,"href":"https:\/\/www.xn--tuksimaailm-ffb.ee\/fi\/wp-json\/wp\/v2\/product_brand?post=42191"},{"taxonomy":"product_cat","embeddable":true,"href":"https:\/\/www.xn--tuksimaailm-ffb.ee\/fi\/wp-json\/wp\/v2\/product_cat?post=42191"},{"taxonomy":"product_tag","embeddable":true,"href":"https:\/\/www.xn--tuksimaailm-ffb.ee\/fi\/wp-json\/wp\/v2\/product_tag?post=42191"},{"taxonomy":"filter_elektritoukeratas","embeddable":true,"href":"https:\/\/www.xn--tuksimaailm-ffb.ee\/fi\/wp-json\/wp\/v2\/filter_elektritoukeratas?post=42191"}],"curies":[{"name":"wp","href":"https:\/\/api.w.org\/{rel}","templated":true}]}}